{"id":4685,"date":"2023-01-24T18:17:24","date_gmt":"2023-01-24T18:17:24","guid":{"rendered":"https:\/\/ton.connectingminds.net\/product\/comunitat-valenciana-orbea\/"},"modified":"2026-01-28T12:01:24","modified_gmt":"2026-01-28T11:01:24","slug":"comunidade-valenciana-de-orbea","status":"publish","type":"product","link":"https:\/\/mail.cyclingoriginals.com\/pt\/retro-wielershirt\/comunitat-valenciana-orbea\/","title":{"rendered":"CAMISA COMUNITAT VALENCIANA (b)-ORBEA 2006"},"content":{"rendered":"<p>A Comunitat Valenciana \u00e9 uma continua\u00e7\u00e3o da equipa KELME que parou alguns anos antes.<\/p>\n<p>Seguindo algumas outras equipes, a equipe COMINITAT VALENCIANA decidiu se separar no final de agosto de 2006.<\/p>\n<p>Isto se deve \u00e0 publicidade negativa e \u00e0 imagem negativa do ciclismo em torno de todo o esc\u00e2ndalo de doping de FUENTES.<\/p>\n<p>A equipa desempenhou um papel importante em todo este processo e por isso n\u00e3o recebeu autoriza\u00e7\u00e3o de partida para o TOUR DE FRANCE e a VUELTA D ESPANA.<\/p>\n<p>Todos os 24 pilotos e pessoal de apoio ficaram sem trabalho. O que tal esc\u00e2ndalo de doping pode provocar!!!<\/p>","protected":false},"excerpt":{"rendered":"<p>De Comunitat Valenciana is een voortzetting van de KELME ploeg die enige jaren eerder stopte. In navolging van enkele andere ploegen heeft de COMINITAT VALENCIANA ploeg besloten om de ploeg eind Augustus 2006 op te heffen. Dit vanwege de negatieve publiciteit en het negatieve imago van de wielersport rondom het hele FUENTES doping schandaal. De [&hellip;]<\/p>\n","protected":false},"featured_media":4684,"template":"","meta":[],"product_brand":[],"product_cat":[151],"product_tag":[],"class_list":{"0":"post-4685","1":"product","2":"type-product","3":"status-publish","4":"has-post-thumbnail","6":"product_cat-pro-team","8":"first","9":"onbackorder","10":"taxable","11":"shipping-taxable","12":"purchasable","13":"product-type-variable"},"yoast_head":"<!-- This site is optimized with the Yoast SEO plugin v27.5 - https:\/\/yoast.com\/product\/yoast-seo-wordpress\/ -->\n<title>COMUNITAT VALENCIANA (b)-ORBEA  2006  WIELERSHIRT - Ton Merckx Wielershirts - Rondreis door de wereld van wielershirts<\/title>\n<meta name=\"robots\" content=\"index, follow, max-snippet:-1, max-image-preview:large, max-video-preview:-1\" \/>\n<link rel=\"canonical\" href=\"https:\/\/tonmerckxwielershirts.nl\/ja\/\u30ec\u30c8\u30ed\u306a\u30b5\u30a4\u30af\u30ea\u30f3\u30b0\u30b8\u30e3\u30fc\u30b8\/\u30d0\u30ec\u30f3\u30b7\u30a2\u30ca\u30fb\u30aa\u30eb\u30d9\u30a2\u306e\u30b3\u30df\u30e5\u30cb\u30c6\u30a3\/\" \/>\n<meta property=\"og:locale\" content=\"pt_PT\" \/>\n<meta property=\"og:type\" content=\"article\" \/>\n<meta property=\"og:title\" content=\"COMUNITAT VALENCIANA (b)-ORBEA  2006  WIELERSHIRT - Ton Merckx Wielershirts - Rondreis door de wereld van wielershirts\" \/>\n<meta property=\"og:description\" content=\"De Comunitat Valenciana is een voortzetting van de KELME ploeg die enige jaren eerder stopte. In navolging van enkele andere ploegen heeft de COMINITAT VALENCIANA ploeg besloten om de ploeg eind Augustus 2006 op te heffen. Dit vanwege de negatieve publiciteit en het negatieve imago van de wielersport rondom het hele FUENTES doping schandaal. De [&hellip;]\" \/>\n<meta property=\"og:url\" content=\"https:\/\/tonmerckxwielershirts.nl\/ja\/\u30ec\u30c8\u30ed\u306a\u30b5\u30a4\u30af\u30ea\u30f3\u30b0\u30b8\u30e3\u30fc\u30b8\/\u30d0\u30ec\u30f3\u30b7\u30a2\u30ca\u30fb\u30aa\u30eb\u30d9\u30a2\u306e\u30b3\u30df\u30e5\u30cb\u30c6\u30a3\/\" \/>\n<meta property=\"og:site_name\" content=\"Ton Merckx Wielershirts - Rondreis door de wereld van wielershirts\" \/>\n<meta property=\"article:modified_time\" content=\"2026-01-28T11:01:24+00:00\" \/>\n<meta property=\"og:image\" content=\"https:\/\/tonmerckxwielershirts.nl\/wp-content\/uploads\/2023\/01\/SSA43781.jpg\" \/>\n\t<meta property=\"og:image:width\" content=\"1704\" \/>\n\t<meta property=\"og:image:height\" content=\"2272\" \/>\n\t<meta property=\"og:image:type\" content=\"image\/jpeg\" \/>\n<meta name=\"twitter:card\" content=\"summary_large_image\" \/>\n<meta name=\"twitter:label1\" content=\"Tempo estimado de leitura\" \/>\n\t<meta name=\"twitter:data1\" content=\"1 minuto\" \/>\n<script type=\"application\/ld+json\" class=\"yoast-schema-graph\">{\"@context\":\"https:\\\/\\\/schema.org\",\"@graph\":[{\"@type\":\"WebPage\",\"@id\":\"https:\\\/\\\/tonmerckxwielershirts.nl\\\/ja\\\/%e3%83%ac%e3%83%88%e3%83%ad%e3%81%aa%e3%82%b5%e3%82%a4%e3%82%af%e3%83%aa%e3%83%b3%e3%82%b0%e3%82%b8%e3%83%a3%e3%83%bc%e3%82%b8\\\/%e3%83%90%e3%83%ac%e3%83%b3%e3%82%b7%e3%82%a2%e3%83%8a%e3%83%bb%e3%82%aa%e3%83%ab%e3%83%99%e3%82%a2%e3%81%ae%e3%82%b3%e3%83%9f%e3%83%a5%e3%83%8b%e3%83%86%e3%82%a3\\\/\",\"url\":\"https:\\\/\\\/tonmerckxwielershirts.nl\\\/ja\\\/%e3%83%ac%e3%83%88%e3%83%ad%e3%81%aa%e3%82%b5%e3%82%a4%e3%82%af%e3%83%aa%e3%83%b3%e3%82%b0%e3%82%b8%e3%83%a3%e3%83%bc%e3%82%b8\\\/%e3%83%90%e3%83%ac%e3%83%b3%e3%82%b7%e3%82%a2%e3%83%8a%e3%83%bb%e3%82%aa%e3%83%ab%e3%83%99%e3%82%a2%e3%81%ae%e3%82%b3%e3%83%9f%e3%83%a5%e3%83%8b%e3%83%86%e3%82%a3\\\/\",\"name\":\"COMUNITAT VALENCIANA (b)-ORBEA 2006 WIELERSHIRT - Ton Merckx Wielershirts - Rondreis door de wereld van wielershirts\",\"isPartOf\":{\"@id\":\"https:\\\/\\\/ton.connectingminds.net\\\/pt\\\/#website\"},\"primaryImageOfPage\":{\"@id\":\"https:\\\/\\\/tonmerckxwielershirts.nl\\\/ja\\\/%e3%83%ac%e3%83%88%e3%83%ad%e3%81%aa%e3%82%b5%e3%82%a4%e3%82%af%e3%83%aa%e3%83%b3%e3%82%b0%e3%82%b8%e3%83%a3%e3%83%bc%e3%82%b8\\\/%e3%83%90%e3%83%ac%e3%83%b3%e3%82%b7%e3%82%a2%e3%83%8a%e3%83%bb%e3%82%aa%e3%83%ab%e3%83%99%e3%82%a2%e3%81%ae%e3%82%b3%e3%83%9f%e3%83%a5%e3%83%8b%e3%83%86%e3%82%a3\\\/#primaryimage\"},\"image\":{\"@id\":\"https:\\\/\\\/tonmerckxwielershirts.nl\\\/ja\\\/%e3%83%ac%e3%83%88%e3%83%ad%e3%81%aa%e3%82%b5%e3%82%a4%e3%82%af%e3%83%aa%e3%83%b3%e3%82%b0%e3%82%b8%e3%83%a3%e3%83%bc%e3%82%b8\\\/%e3%83%90%e3%83%ac%e3%83%b3%e3%82%b7%e3%82%a2%e3%83%8a%e3%83%bb%e3%82%aa%e3%83%ab%e3%83%99%e3%82%a2%e3%81%ae%e3%82%b3%e3%83%9f%e3%83%a5%e3%83%8b%e3%83%86%e3%82%a3\\\/#primaryimage\"},\"thumbnailUrl\":\"https:\\\/\\\/mail.cyclingoriginals.com\\\/wp-content\\\/uploads\\\/2023\\\/01\\\/SSA43781.jpg\",\"datePublished\":\"2023-01-24T18:17:24+00:00\",\"dateModified\":\"2026-01-28T11:01:24+00:00\",\"breadcrumb\":{\"@id\":\"https:\\\/\\\/tonmerckxwielershirts.nl\\\/ja\\\/%e3%83%ac%e3%83%88%e3%83%ad%e3%81%aa%e3%82%b5%e3%82%a4%e3%82%af%e3%83%aa%e3%83%b3%e3%82%b0%e3%82%b8%e3%83%a3%e3%83%bc%e3%82%b8\\\/%e3%83%90%e3%83%ac%e3%83%b3%e3%82%b7%e3%82%a2%e3%83%8a%e3%83%bb%e3%82%aa%e3%83%ab%e3%83%99%e3%82%a2%e3%81%ae%e3%82%b3%e3%83%9f%e3%83%a5%e3%83%8b%e3%83%86%e3%82%a3\\\/#breadcrumb\"},\"inLanguage\":\"pt-PT\",\"potentialAction\":[{\"@type\":\"ReadAction\",\"target\":[\"https:\\\/\\\/tonmerckxwielershirts.nl\\\/ja\\\/%e3%83%ac%e3%83%88%e3%83%ad%e3%81%aa%e3%82%b5%e3%82%a4%e3%82%af%e3%83%aa%e3%83%b3%e3%82%b0%e3%82%b8%e3%83%a3%e3%83%bc%e3%82%b8\\\/%e3%83%90%e3%83%ac%e3%83%b3%e3%82%b7%e3%82%a2%e3%83%8a%e3%83%bb%e3%82%aa%e3%83%ab%e3%83%99%e3%82%a2%e3%81%ae%e3%82%b3%e3%83%9f%e3%83%a5%e3%83%8b%e3%83%86%e3%82%a3\\\/\"]}]},{\"@type\":\"ImageObject\",\"inLanguage\":\"pt-PT\",\"@id\":\"https:\\\/\\\/tonmerckxwielershirts.nl\\\/ja\\\/%e3%83%ac%e3%83%88%e3%83%ad%e3%81%aa%e3%82%b5%e3%82%a4%e3%82%af%e3%83%aa%e3%83%b3%e3%82%b0%e3%82%b8%e3%83%a3%e3%83%bc%e3%82%b8\\\/%e3%83%90%e3%83%ac%e3%83%b3%e3%82%b7%e3%82%a2%e3%83%8a%e3%83%bb%e3%82%aa%e3%83%ab%e3%83%99%e3%82%a2%e3%81%ae%e3%82%b3%e3%83%9f%e3%83%a5%e3%83%8b%e3%83%86%e3%82%a3\\\/#primaryimage\",\"url\":\"https:\\\/\\\/mail.cyclingoriginals.com\\\/wp-content\\\/uploads\\\/2023\\\/01\\\/SSA43781.jpg\",\"contentUrl\":\"https:\\\/\\\/mail.cyclingoriginals.com\\\/wp-content\\\/uploads\\\/2023\\\/01\\\/SSA43781.jpg\",\"width\":1704,\"height\":2272},{\"@type\":\"BreadcrumbList\",\"@id\":\"https:\\\/\\\/tonmerckxwielershirts.nl\\\/ja\\\/%e3%83%ac%e3%83%88%e3%83%ad%e3%81%aa%e3%82%b5%e3%82%a4%e3%82%af%e3%83%aa%e3%83%b3%e3%82%b0%e3%82%b8%e3%83%a3%e3%83%bc%e3%82%b8\\\/%e3%83%90%e3%83%ac%e3%83%b3%e3%82%b7%e3%82%a2%e3%83%8a%e3%83%bb%e3%82%aa%e3%83%ab%e3%83%99%e3%82%a2%e3%81%ae%e3%82%b3%e3%83%9f%e3%83%a5%e3%83%8b%e3%83%86%e3%82%a3\\\/#breadcrumb\",\"itemListElement\":[{\"@type\":\"ListItem\",\"position\":1,\"name\":\"Home\",\"item\":\"https:\\\/\\\/ton.connectingminds.net\\\/pt\\\/\"},{\"@type\":\"ListItem\",\"position\":2,\"name\":\"Retro wielershirts\",\"item\":\"https:\\\/\\\/ton.connectingminds.net\\\/pt\\\/camisas-de-ciclismo-retro\\\/\"},{\"@type\":\"ListItem\",\"position\":3,\"name\":\"COMUNITAT VALENCIANA (b)-ORBEA 2006 WIELERSHIRT\"}]},{\"@type\":\"WebSite\",\"@id\":\"https:\\\/\\\/ton.connectingminds.net\\\/pt\\\/#website\",\"url\":\"https:\\\/\\\/ton.connectingminds.net\\\/pt\\\/\",\"name\":\"Ton Merckx Wielershirts - Rondreis door de wereld van wielershirts\",\"description\":\"thousands of original cycling jerseys - order your replica!\",\"publisher\":{\"@id\":\"https:\\\/\\\/ton.connectingminds.net\\\/pt\\\/#organization\"},\"potentialAction\":[{\"@type\":\"SearchAction\",\"target\":{\"@type\":\"EntryPoint\",\"urlTemplate\":\"https:\\\/\\\/ton.connectingminds.net\\\/pt\\\/?s={search_term_string}\"},\"query-input\":{\"@type\":\"PropertyValueSpecification\",\"valueRequired\":true,\"valueName\":\"search_term_string\"}}],\"inLanguage\":\"pt-PT\"},{\"@type\":\"Organization\",\"@id\":\"https:\\\/\\\/ton.connectingminds.net\\\/pt\\\/#organization\",\"name\":\"Ton Merckx Wielershirts - Rondreis door de wereld van wielershirts\",\"url\":\"https:\\\/\\\/ton.connectingminds.net\\\/pt\\\/\",\"logo\":{\"@type\":\"ImageObject\",\"inLanguage\":\"pt-PT\",\"@id\":\"https:\\\/\\\/ton.connectingminds.net\\\/pt\\\/#\\\/schema\\\/logo\\\/image\\\/\",\"url\":\"https:\\\/\\\/mail.cyclingoriginals.com\\\/wp-content\\\/uploads\\\/2023\\\/03\\\/ton-merckx-logo.jpg\",\"contentUrl\":\"https:\\\/\\\/mail.cyclingoriginals.com\\\/wp-content\\\/uploads\\\/2023\\\/03\\\/ton-merckx-logo.jpg\",\"width\":391,\"height\":57,\"caption\":\"Ton Merckx Wielershirts - Rondreis door de wereld van wielershirts\"},\"image\":{\"@id\":\"https:\\\/\\\/ton.connectingminds.net\\\/pt\\\/#\\\/schema\\\/logo\\\/image\\\/\"}}]}<\/script>\n<!-- \/ Yoast SEO plugin. -->","yoast_head_json":{"title":"COMUNITAT VALENCIANA (b)-ORBEA 2006 CAMISA DE CICLISMO - Ton Merckx Cycling Jerseys - Tour pelo mundo das camisas de ciclismo","robots":{"index":"index","follow":"follow","max-snippet":"max-snippet:-1","max-image-preview":"max-image-preview:large","max-video-preview":"max-video-preview:-1"},"canonical":"https:\/\/tonmerckxwielershirts.nl\/ja\/\u30ec\u30c8\u30ed\u306a\u30b5\u30a4\u30af\u30ea\u30f3\u30b0\u30b8\u30e3\u30fc\u30b8\/\u30d0\u30ec\u30f3\u30b7\u30a2\u30ca\u30fb\u30aa\u30eb\u30d9\u30a2\u306e\u30b3\u30df\u30e5\u30cb\u30c6\u30a3\/","og_locale":"pt_PT","og_type":"article","og_title":"COMUNITAT VALENCIANA (b)-ORBEA  2006  WIELERSHIRT - Ton Merckx Wielershirts - Rondreis door de wereld van wielershirts","og_description":"De Comunitat Valenciana is een voortzetting van de KELME ploeg die enige jaren eerder stopte. In navolging van enkele andere ploegen heeft de COMINITAT VALENCIANA ploeg besloten om de ploeg eind Augustus 2006 op te heffen. Dit vanwege de negatieve publiciteit en het negatieve imago van de wielersport rondom het hele FUENTES doping schandaal. De [&hellip;]","og_url":"https:\/\/tonmerckxwielershirts.nl\/ja\/\u30ec\u30c8\u30ed\u306a\u30b5\u30a4\u30af\u30ea\u30f3\u30b0\u30b8\u30e3\u30fc\u30b8\/\u30d0\u30ec\u30f3\u30b7\u30a2\u30ca\u30fb\u30aa\u30eb\u30d9\u30a2\u306e\u30b3\u30df\u30e5\u30cb\u30c6\u30a3\/","og_site_name":"Ton Merckx Wielershirts - Rondreis door de wereld van wielershirts","article_modified_time":"2026-01-28T11:01:24+00:00","og_image":[{"width":1704,"height":2272,"url":"https:\/\/tonmerckxwielershirts.nl\/wp-content\/uploads\/2023\/01\/SSA43781.jpg","type":"image\/jpeg"}],"twitter_card":"summary_large_image","twitter_misc":{"Tempo estimado de leitura":"1 minuto"},"schema":{"@context":"https:\/\/schema.org","@graph":[{"@type":"WebPage","@id":"https:\/\/tonmerckxwielershirts.nl\/ja\/%e3%83%ac%e3%83%88%e3%83%ad%e3%81%aa%e3%82%b5%e3%82%a4%e3%82%af%e3%83%aa%e3%83%b3%e3%82%b0%e3%82%b8%e3%83%a3%e3%83%bc%e3%82%b8\/%e3%83%90%e3%83%ac%e3%83%b3%e3%82%b7%e3%82%a2%e3%83%8a%e3%83%bb%e3%82%aa%e3%83%ab%e3%83%99%e3%82%a2%e3%81%ae%e3%82%b3%e3%83%9f%e3%83%a5%e3%83%8b%e3%83%86%e3%82%a3\/","url":"https:\/\/tonmerckxwielershirts.nl\/ja\/%e3%83%ac%e3%83%88%e3%83%ad%e3%81%aa%e3%82%b5%e3%82%a4%e3%82%af%e3%83%aa%e3%83%b3%e3%82%b0%e3%82%b8%e3%83%a3%e3%83%bc%e3%82%b8\/%e3%83%90%e3%83%ac%e3%83%b3%e3%82%b7%e3%82%a2%e3%83%8a%e3%83%bb%e3%82%aa%e3%83%ab%e3%83%99%e3%82%a2%e3%81%ae%e3%82%b3%e3%83%9f%e3%83%a5%e3%83%8b%e3%83%86%e3%82%a3\/","name":"COMUNITAT VALENCIANA (b)-ORBEA 2006 CAMISA DE CICLISMO - Ton Merckx Cycling Jerseys - Tour pelo mundo das camisas de ciclismo","isPartOf":{"@id":"https:\/\/ton.connectingminds.net\/pt\/#website"},"primaryImageOfPage":{"@id":"https:\/\/tonmerckxwielershirts.nl\/ja\/%e3%83%ac%e3%83%88%e3%83%ad%e3%81%aa%e3%82%b5%e3%82%a4%e3%82%af%e3%83%aa%e3%83%b3%e3%82%b0%e3%82%b8%e3%83%a3%e3%83%bc%e3%82%b8\/%e3%83%90%e3%83%ac%e3%83%b3%e3%82%b7%e3%82%a2%e3%83%8a%e3%83%bb%e3%82%aa%e3%83%ab%e3%83%99%e3%82%a2%e3%81%ae%e3%82%b3%e3%83%9f%e3%83%a5%e3%83%8b%e3%83%86%e3%82%a3\/#primaryimage"},"image":{"@id":"https:\/\/tonmerckxwielershirts.nl\/ja\/%e3%83%ac%e3%83%88%e3%83%ad%e3%81%aa%e3%82%b5%e3%82%a4%e3%82%af%e3%83%aa%e3%83%b3%e3%82%b0%e3%82%b8%e3%83%a3%e3%83%bc%e3%82%b8\/%e3%83%90%e3%83%ac%e3%83%b3%e3%82%b7%e3%82%a2%e3%83%8a%e3%83%bb%e3%82%aa%e3%83%ab%e3%83%99%e3%82%a2%e3%81%ae%e3%82%b3%e3%83%9f%e3%83%a5%e3%83%8b%e3%83%86%e3%82%a3\/#primaryimage"},"thumbnailUrl":"https:\/\/mail.cyclingoriginals.com\/wp-content\/uploads\/2023\/01\/SSA43781.jpg","datePublished":"2023-01-24T18:17:24+00:00","dateModified":"2026-01-28T11:01:24+00:00","breadcrumb":{"@id":"https:\/\/tonmerckxwielershirts.nl\/ja\/%e3%83%ac%e3%83%88%e3%83%ad%e3%81%aa%e3%82%b5%e3%82%a4%e3%82%af%e3%83%aa%e3%83%b3%e3%82%b0%e3%82%b8%e3%83%a3%e3%83%bc%e3%82%b8\/%e3%83%90%e3%83%ac%e3%83%b3%e3%82%b7%e3%82%a2%e3%83%8a%e3%83%bb%e3%82%aa%e3%83%ab%e3%83%99%e3%82%a2%e3%81%ae%e3%82%b3%e3%83%9f%e3%83%a5%e3%83%8b%e3%83%86%e3%82%a3\/#breadcrumb"},"inLanguage":"pt-PT","potentialAction":[{"@type":"ReadAction","target":["https:\/\/tonmerckxwielershirts.nl\/ja\/%e3%83%ac%e3%83%88%e3%83%ad%e3%81%aa%e3%82%b5%e3%82%a4%e3%82%af%e3%83%aa%e3%83%b3%e3%82%b0%e3%82%b8%e3%83%a3%e3%83%bc%e3%82%b8\/%e3%83%90%e3%83%ac%e3%83%b3%e3%82%b7%e3%82%a2%e3%83%8a%e3%83%bb%e3%82%aa%e3%83%ab%e3%83%99%e3%82%a2%e3%81%ae%e3%82%b3%e3%83%9f%e3%83%a5%e3%83%8b%e3%83%86%e3%82%a3\/"]}]},{"@type":"ImageObject","inLanguage":"pt-PT","@id":"https:\/\/tonmerckxwielershirts.nl\/ja\/%e3%83%ac%e3%83%88%e3%83%ad%e3%81%aa%e3%82%b5%e3%82%a4%e3%82%af%e3%83%aa%e3%83%b3%e3%82%b0%e3%82%b8%e3%83%a3%e3%83%bc%e3%82%b8\/%e3%83%90%e3%83%ac%e3%83%b3%e3%82%b7%e3%82%a2%e3%83%8a%e3%83%bb%e3%82%aa%e3%83%ab%e3%83%99%e3%82%a2%e3%81%ae%e3%82%b3%e3%83%9f%e3%83%a5%e3%83%8b%e3%83%86%e3%82%a3\/#primaryimage","url":"https:\/\/mail.cyclingoriginals.com\/wp-content\/uploads\/2023\/01\/SSA43781.jpg","contentUrl":"https:\/\/mail.cyclingoriginals.com\/wp-content\/uploads\/2023\/01\/SSA43781.jpg","width":1704,"height":2272},{"@type":"BreadcrumbList","@id":"https:\/\/tonmerckxwielershirts.nl\/ja\/%e3%83%ac%e3%83%88%e3%83%ad%e3%81%aa%e3%82%b5%e3%82%a4%e3%82%af%e3%83%aa%e3%83%b3%e3%82%b0%e3%82%b8%e3%83%a3%e3%83%bc%e3%82%b8\/%e3%83%90%e3%83%ac%e3%83%b3%e3%82%b7%e3%82%a2%e3%83%8a%e3%83%bb%e3%82%aa%e3%83%ab%e3%83%99%e3%82%a2%e3%81%ae%e3%82%b3%e3%83%9f%e3%83%a5%e3%83%8b%e3%83%86%e3%82%a3\/#breadcrumb","itemListElement":[{"@type":"ListItem","position":1,"name":"Home","item":"https:\/\/ton.connectingminds.net\/pt\/"},{"@type":"ListItem","position":2,"name":"Retro wielershirts","item":"https:\/\/ton.connectingminds.net\/pt\/camisas-de-ciclismo-retro\/"},{"@type":"ListItem","position":3,"name":"COMUNITAT VALENCIANA (b)-ORBEA 2006 WIELERSHIRT"}]},{"@type":"WebSite","@id":"https:\/\/ton.connectingminds.net\/pt\/#website","url":"https:\/\/ton.connectingminds.net\/pt\/","name":"Camisas de ciclismo Ton Merckx - Tour pelo mundo das camisas de ciclismo","description":"milhares de camisas de ciclismo originais - encomende a sua r\u00e9plica!","publisher":{"@id":"https:\/\/ton.connectingminds.net\/pt\/#organization"},"potentialAction":[{"@type":"SearchAction","target":{"@type":"EntryPoint","urlTemplate":"https:\/\/ton.connectingminds.net\/pt\/?s={search_term_string}"},"query-input":{"@type":"PropertyValueSpecification","valueRequired":true,"valueName":"search_term_string"}}],"inLanguage":"pt-PT"},{"@type":"Organization","@id":"https:\/\/ton.connectingminds.net\/pt\/#organization","name":"Camisas de ciclismo Ton Merckx - Tour pelo mundo das camisas de ciclismo","url":"https:\/\/ton.connectingminds.net\/pt\/","logo":{"@type":"ImageObject","inLanguage":"pt-PT","@id":"https:\/\/ton.connectingminds.net\/pt\/#\/schema\/logo\/image\/","url":"https:\/\/mail.cyclingoriginals.com\/wp-content\/uploads\/2023\/03\/ton-merckx-logo.jpg","contentUrl":"https:\/\/mail.cyclingoriginals.com\/wp-content\/uploads\/2023\/03\/ton-merckx-logo.jpg","width":391,"height":57,"caption":"Ton Merckx Wielershirts - Rondreis door de wereld van wielershirts"},"image":{"@id":"https:\/\/ton.connectingminds.net\/pt\/#\/schema\/logo\/image\/"}}]}},"_links":{"self":[{"href":"https:\/\/mail.cyclingoriginals.com\/pt\/wp-json\/wp\/v2\/product\/4685","targetHints":{"allow":["GET"]}}],"collection":[{"href":"https:\/\/mail.cyclingoriginals.com\/pt\/wp-json\/wp\/v2\/product"}],"about":[{"href":"https:\/\/mail.cyclingoriginals.com\/pt\/wp-json\/wp\/v2\/types\/product"}],"wp:featuredmedia":[{"embeddable":true,"href":"https:\/\/mail.cyclingoriginals.com\/pt\/wp-json\/wp\/v2\/media\/4684"}],"wp:attachment":[{"href":"https:\/\/mail.cyclingoriginals.com\/pt\/wp-json\/wp\/v2\/media?parent=4685"}],"wp:term":[{"taxonomy":"product_brand","embeddable":true,"href":"https:\/\/mail.cyclingoriginals.com\/pt\/wp-json\/wp\/v2\/product_brand?post=4685"},{"taxonomy":"product_cat","embeddable":true,"href":"https:\/\/mail.cyclingoriginals.com\/pt\/wp-json\/wp\/v2\/product_cat?post=4685"},{"taxonomy":"product_tag","embeddable":true,"href":"https:\/\/mail.cyclingoriginals.com\/pt\/wp-json\/wp\/v2\/product_tag?post=4685"}],"curies":[{"name":"wp","href":"https:\/\/api.w.org\/{rel}","templated":true}]}}