{"id":177353,"date":"2026-01-09T19:55:42","date_gmt":"2026-01-09T18:55:42","guid":{"rendered":"https:\/\/mail.cyclingoriginals.com\/?post_type=product&#038;p=177353"},"modified":"2026-08-20T07:03:21","modified_gmt":"2026-08-20T05:03:21","slug":"tartu-2024-b-2023-radtrikot","status":"publish","type":"product","link":"https:\/\/mail.cyclingoriginals.com\/de\/retro-wielershirt\/tartu-2024-b-2023-wielershirt\/","title":{"rendered":"TARTU 2024 (d)   2023     WIELERSHIRT"},"content":{"rendered":"<p>TARTU 2024\u00a0 \u00a02023<\/p>\n<p>Tartu ist die zweitgr\u00f6\u00dfte Stadt Estlands.<\/p>\n<p>Im Jahr 2024 wird Tartu zusammen mit Bas Ischl (\u00d6sterreich) und Bod\u00f8 (Norwegen) die Europ\u00e4ische Kulturhauptstadt sein.<\/p>\n<p>Shirt gekregen van Alekss Krasts.<\/p>\n<p>&nbsp;<\/p>","protected":false},"excerpt":{"rendered":"<p>TARTU 2024\u00a0 \u00a02023 Tartu is de 2e stad van Estland. In 2024 is Tartu samen met Bas Ischl (Oostenrijk) en Bodo (Noorwegen) culturele hoofdstad van Europa. Shirt gekregen van Alekss Krasts. &nbsp;<\/p>","protected":false},"featured_media":191527,"template":"","meta":[],"product_brand":[],"product_cat":[151],"product_tag":[],"class_list":["post-177353","product","type-product","status-publish","has-post-thumbnail","product_cat-pro-team","first","outofstock","taxable","shipping-taxable","purchasable","product-type-variable"],"yoast_head":"<!-- This site is optimized with the Yoast SEO plugin v28.4 - https:\/\/yoast.com\/product\/yoast-seo-wordpress\/ -->\n<title>TARTU 2024 (d)  2023   WIELERSHIRT - Ton Merckx Wielershirts - Rondreis door de wereld van wielershirts<\/title>\n<meta name=\"robots\" content=\"index, follow, max-snippet:-1, max-image-preview:large, max-video-preview:-1\" \/>\n<link rel=\"canonical\" href=\"https:\/\/tonmerckxwielershirts.nl\/ja\/\u30ec\u30c8\u30ed\u306a\u30b5\u30a4\u30af\u30ea\u30f3\u30b0\u30b8\u30e3\u30fc\u30b8\/\u30bf\u30eb\u30c8\u30a5-2024-b-2023-\u30b5\u30a4\u30af\u30ea\u30f3\u30b0\u30b8\u30e3\u30fc\u30b8\/\" \/>\n<meta property=\"og:locale\" content=\"de_DE\" \/>\n<meta property=\"og:type\" content=\"article\" \/>\n<meta property=\"og:title\" content=\"TARTU 2024 (d)  2023   WIELERSHIRT - Ton Merckx Wielershirts - Rondreis door de wereld van wielershirts\" \/>\n<meta property=\"og:description\" content=\"TARTU 2024\u00a0 \u00a02023 Tartu is de 2e stad van Estland. In 2024 is Tartu samen met Bas Ischl (Oostenrijk) en Bodo (Noorwegen) culturele hoofdstad van Europa. Shirt gekregen van Alekss Krasts. &nbsp;\" \/>\n<meta property=\"og:url\" content=\"https:\/\/tonmerckxwielershirts.nl\/ja\/\u30ec\u30c8\u30ed\u306a\u30b5\u30a4\u30af\u30ea\u30f3\u30b0\u30b8\u30e3\u30fc\u30b8\/\u30bf\u30eb\u30c8\u30a5-2024-b-2023-\u30b5\u30a4\u30af\u30ea\u30f3\u30b0\u30b8\u30e3\u30fc\u30b8\/\" \/>\n<meta property=\"og:site_name\" content=\"Ton Merckx Wielershirts - Rondreis door de wereld van wielershirts\" \/>\n<meta property=\"article:modified_time\" content=\"2026-08-20T05:03:21+00:00\" \/>\n<meta property=\"og:image\" content=\"https:\/\/tonmerckxwielershirts.nl\/wp-content\/uploads\/2026\/01\/015-1-scaled.jpg\" \/>\n\t<meta property=\"og:image:width\" content=\"1920\" \/>\n\t<meta property=\"og:image:height\" content=\"2560\" \/>\n\t<meta property=\"og:image:type\" content=\"image\/jpeg\" \/>\n<meta name=\"twitter:card\" content=\"summary_large_image\" \/>\n<meta name=\"twitter:label1\" content=\"Gesch\u00e4tzte Lesezeit\" \/>\n\t<meta name=\"twitter:data1\" content=\"1\u00a0Minute\" \/>\n<script type=\"application\/ld+json\" class=\"yoast-schema-graph\">{\"@context\":\"https:\\\/\\\/schema.org\",\"@graph\":[{\"@type\":\"WebPage\",\"@id\":\"https:\\\/\\\/tonmerckxwielershirts.nl\\\/ja\\\/%e3%83%ac%e3%83%88%e3%83%ad%e3%81%aa%e3%82%b5%e3%82%a4%e3%82%af%e3%83%aa%e3%83%b3%e3%82%b0%e3%82%b8%e3%83%a3%e3%83%bc%e3%82%b8\\\/%e3%82%bf%e3%83%ab%e3%83%88%e3%82%a5-2024-b-2023-%e3%82%b5%e3%82%a4%e3%82%af%e3%83%aa%e3%83%b3%e3%82%b0%e3%82%b8%e3%83%a3%e3%83%bc%e3%82%b8\\\/\",\"url\":\"https:\\\/\\\/tonmerckxwielershirts.nl\\\/ja\\\/%e3%83%ac%e3%83%88%e3%83%ad%e3%81%aa%e3%82%b5%e3%82%a4%e3%82%af%e3%83%aa%e3%83%b3%e3%82%b0%e3%82%b8%e3%83%a3%e3%83%bc%e3%82%b8\\\/%e3%82%bf%e3%83%ab%e3%83%88%e3%82%a5-2024-b-2023-%e3%82%b5%e3%82%a4%e3%82%af%e3%83%aa%e3%83%b3%e3%82%b0%e3%82%b8%e3%83%a3%e3%83%bc%e3%82%b8\\\/\",\"name\":\"TARTU 2024 (d) 2023 WIELERSHIRT - Ton Merckx Wielershirts - Rondreis door de wereld van wielershirts\",\"isPartOf\":{\"@id\":\"https:\\\/\\\/www.tonmerckxwielershirts.nl\\\/de\\\/#website\"},\"primaryImageOfPage\":{\"@id\":\"https:\\\/\\\/tonmerckxwielershirts.nl\\\/ja\\\/%e3%83%ac%e3%83%88%e3%83%ad%e3%81%aa%e3%82%b5%e3%82%a4%e3%82%af%e3%83%aa%e3%83%b3%e3%82%b0%e3%82%b8%e3%83%a3%e3%83%bc%e3%82%b8\\\/%e3%82%bf%e3%83%ab%e3%83%88%e3%82%a5-2024-b-2023-%e3%82%b5%e3%82%a4%e3%82%af%e3%83%aa%e3%83%b3%e3%82%b0%e3%82%b8%e3%83%a3%e3%83%bc%e3%82%b8\\\/#primaryimage\"},\"image\":{\"@id\":\"https:\\\/\\\/tonmerckxwielershirts.nl\\\/ja\\\/%e3%83%ac%e3%83%88%e3%83%ad%e3%81%aa%e3%82%b5%e3%82%a4%e3%82%af%e3%83%aa%e3%83%b3%e3%82%b0%e3%82%b8%e3%83%a3%e3%83%bc%e3%82%b8\\\/%e3%82%bf%e3%83%ab%e3%83%88%e3%82%a5-2024-b-2023-%e3%82%b5%e3%82%a4%e3%82%af%e3%83%aa%e3%83%b3%e3%82%b0%e3%82%b8%e3%83%a3%e3%83%bc%e3%82%b8\\\/#primaryimage\"},\"thumbnailUrl\":\"https:\\\/\\\/mail.cyclingoriginals.com\\\/wp-content\\\/uploads\\\/2026\\\/01\\\/015-1-scaled.jpg\",\"datePublished\":\"2026-01-09T18:55:42+00:00\",\"dateModified\":\"2026-08-20T05:03:21+00:00\",\"breadcrumb\":{\"@id\":\"https:\\\/\\\/tonmerckxwielershirts.nl\\\/ja\\\/%e3%83%ac%e3%83%88%e3%83%ad%e3%81%aa%e3%82%b5%e3%82%a4%e3%82%af%e3%83%aa%e3%83%b3%e3%82%b0%e3%82%b8%e3%83%a3%e3%83%bc%e3%82%b8\\\/%e3%82%bf%e3%83%ab%e3%83%88%e3%82%a5-2024-b-2023-%e3%82%b5%e3%82%a4%e3%82%af%e3%83%aa%e3%83%b3%e3%82%b0%e3%82%b8%e3%83%a3%e3%83%bc%e3%82%b8\\\/#breadcrumb\"},\"inLanguage\":\"de\",\"potentialAction\":[{\"@type\":\"ReadAction\",\"target\":[\"https:\\\/\\\/tonmerckxwielershirts.nl\\\/ja\\\/%e3%83%ac%e3%83%88%e3%83%ad%e3%81%aa%e3%82%b5%e3%82%a4%e3%82%af%e3%83%aa%e3%83%b3%e3%82%b0%e3%82%b8%e3%83%a3%e3%83%bc%e3%82%b8\\\/%e3%82%bf%e3%83%ab%e3%83%88%e3%82%a5-2024-b-2023-%e3%82%b5%e3%82%a4%e3%82%af%e3%83%aa%e3%83%b3%e3%82%b0%e3%82%b8%e3%83%a3%e3%83%bc%e3%82%b8\\\/\"]}]},{\"@type\":\"ImageObject\",\"inLanguage\":\"de\",\"@id\":\"https:\\\/\\\/tonmerckxwielershirts.nl\\\/ja\\\/%e3%83%ac%e3%83%88%e3%83%ad%e3%81%aa%e3%82%b5%e3%82%a4%e3%82%af%e3%83%aa%e3%83%b3%e3%82%b0%e3%82%b8%e3%83%a3%e3%83%bc%e3%82%b8\\\/%e3%82%bf%e3%83%ab%e3%83%88%e3%82%a5-2024-b-2023-%e3%82%b5%e3%82%a4%e3%82%af%e3%83%aa%e3%83%b3%e3%82%b0%e3%82%b8%e3%83%a3%e3%83%bc%e3%82%b8\\\/#primaryimage\",\"url\":\"https:\\\/\\\/mail.cyclingoriginals.com\\\/wp-content\\\/uploads\\\/2026\\\/01\\\/015-1-scaled.jpg\",\"contentUrl\":\"https:\\\/\\\/mail.cyclingoriginals.com\\\/wp-content\\\/uploads\\\/2026\\\/01\\\/015-1-scaled.jpg\",\"width\":1920,\"height\":2560,\"caption\":\"TARTU 2024\u00a0 \u00a02023\"},{\"@type\":\"BreadcrumbList\",\"@id\":\"https:\\\/\\\/tonmerckxwielershirts.nl\\\/ja\\\/%e3%83%ac%e3%83%88%e3%83%ad%e3%81%aa%e3%82%b5%e3%82%a4%e3%82%af%e3%83%aa%e3%83%b3%e3%82%b0%e3%82%b8%e3%83%a3%e3%83%bc%e3%82%b8\\\/%e3%82%bf%e3%83%ab%e3%83%88%e3%82%a5-2024-b-2023-%e3%82%b5%e3%82%a4%e3%82%af%e3%83%aa%e3%83%b3%e3%82%b0%e3%82%b8%e3%83%a3%e3%83%bc%e3%82%b8\\\/#breadcrumb\",\"itemListElement\":[{\"@type\":\"ListItem\",\"position\":1,\"name\":\"Home\",\"item\":\"https:\\\/\\\/www.tonmerckxwielershirts.nl\\\/de\\\/\"},{\"@type\":\"ListItem\",\"position\":2,\"name\":\"Retro wielershirts\",\"item\":\"https:\\\/\\\/www.tonmerckxwielershirts.nl\\\/de\\\/retro-radtrikots\\\/\"},{\"@type\":\"ListItem\",\"position\":3,\"name\":\"TARTU 2024 (d) 2023 WIELERSHIRT\"}]},{\"@type\":\"WebSite\",\"@id\":\"https:\\\/\\\/www.tonmerckxwielershirts.nl\\\/de\\\/#website\",\"url\":\"https:\\\/\\\/www.tonmerckxwielershirts.nl\\\/de\\\/\",\"name\":\"Ton Merckx Wielershirts - Rondreis door de wereld van wielershirts\",\"description\":\"thousands of original cycling jerseys - order your replica!\",\"publisher\":{\"@id\":\"https:\\\/\\\/www.tonmerckxwielershirts.nl\\\/de\\\/#organization\"},\"potentialAction\":[{\"@type\":\"SearchAction\",\"target\":{\"@type\":\"EntryPoint\",\"urlTemplate\":\"https:\\\/\\\/www.tonmerckxwielershirts.nl\\\/de\\\/?s={search_term_string}\"},\"query-input\":{\"@type\":\"PropertyValueSpecification\",\"valueRequired\":true,\"valueName\":\"search_term_string\"}}],\"inLanguage\":\"de\"},{\"@type\":\"Organization\",\"@id\":\"https:\\\/\\\/www.tonmerckxwielershirts.nl\\\/de\\\/#organization\",\"name\":\"Ton Merckx Wielershirts - Rondreis door de wereld van wielershirts\",\"url\":\"https:\\\/\\\/www.tonmerckxwielershirts.nl\\\/de\\\/\",\"logo\":{\"@type\":\"ImageObject\",\"inLanguage\":\"de\",\"@id\":\"https:\\\/\\\/www.tonmerckxwielershirts.nl\\\/de\\\/#\\\/schema\\\/logo\\\/image\\\/\",\"url\":\"https:\\\/\\\/mail.cyclingoriginals.com\\\/wp-content\\\/uploads\\\/2023\\\/03\\\/ton-merckx-logo.jpg\",\"contentUrl\":\"https:\\\/\\\/mail.cyclingoriginals.com\\\/wp-content\\\/uploads\\\/2023\\\/03\\\/ton-merckx-logo.jpg\",\"width\":391,\"height\":57,\"caption\":\"Ton Merckx Wielershirts - Rondreis door de wereld van wielershirts\"},\"image\":{\"@id\":\"https:\\\/\\\/www.tonmerckxwielershirts.nl\\\/de\\\/#\\\/schema\\\/logo\\\/image\\\/\"}}]}<\/script>\n<!-- \/ Yoast SEO plugin. -->","yoast_head_json":{"title":"TARTU 2024 (d)  2023   WIELERSHIRT - Ton Merckx Wielershirts - Rondreis door de wereld van wielershirts","robots":{"index":"index","follow":"follow","max-snippet":"max-snippet:-1","max-image-preview":"max-image-preview:large","max-video-preview":"max-video-preview:-1"},"canonical":"https:\/\/tonmerckxwielershirts.nl\/ja\/\u30ec\u30c8\u30ed\u306a\u30b5\u30a4\u30af\u30ea\u30f3\u30b0\u30b8\u30e3\u30fc\u30b8\/\u30bf\u30eb\u30c8\u30a5-2024-b-2023-\u30b5\u30a4\u30af\u30ea\u30f3\u30b0\u30b8\u30e3\u30fc\u30b8\/","og_locale":"de_DE","og_type":"article","og_title":"TARTU 2024 (d)  2023   WIELERSHIRT - Ton Merckx Wielershirts - Rondreis door de wereld van wielershirts","og_description":"TARTU 2024\u00a0 \u00a02023 Tartu is de 2e stad van Estland. In 2024 is Tartu samen met Bas Ischl (Oostenrijk) en Bodo (Noorwegen) culturele hoofdstad van Europa. Shirt gekregen van Alekss Krasts. &nbsp;","og_url":"https:\/\/tonmerckxwielershirts.nl\/ja\/\u30ec\u30c8\u30ed\u306a\u30b5\u30a4\u30af\u30ea\u30f3\u30b0\u30b8\u30e3\u30fc\u30b8\/\u30bf\u30eb\u30c8\u30a5-2024-b-2023-\u30b5\u30a4\u30af\u30ea\u30f3\u30b0\u30b8\u30e3\u30fc\u30b8\/","og_site_name":"Ton Merckx Wielershirts - Rondreis door de wereld van wielershirts","article_modified_time":"2026-08-20T05:03:21+00:00","og_image":[{"width":1920,"height":2560,"url":"https:\/\/tonmerckxwielershirts.nl\/wp-content\/uploads\/2026\/01\/015-1-scaled.jpg","type":"image\/jpeg"}],"twitter_card":"summary_large_image","twitter_misc":{"Gesch\u00e4tzte Lesezeit":"1\u00a0Minute"},"schema":{"@context":"https:\/\/schema.org","@graph":[{"@type":"WebPage","@id":"https:\/\/tonmerckxwielershirts.nl\/ja\/%e3%83%ac%e3%83%88%e3%83%ad%e3%81%aa%e3%82%b5%e3%82%a4%e3%82%af%e3%83%aa%e3%83%b3%e3%82%b0%e3%82%b8%e3%83%a3%e3%83%bc%e3%82%b8\/%e3%82%bf%e3%83%ab%e3%83%88%e3%82%a5-2024-b-2023-%e3%82%b5%e3%82%a4%e3%82%af%e3%83%aa%e3%83%b3%e3%82%b0%e3%82%b8%e3%83%a3%e3%83%bc%e3%82%b8\/","url":"https:\/\/tonmerckxwielershirts.nl\/ja\/%e3%83%ac%e3%83%88%e3%83%ad%e3%81%aa%e3%82%b5%e3%82%a4%e3%82%af%e3%83%aa%e3%83%b3%e3%82%b0%e3%82%b8%e3%83%a3%e3%83%bc%e3%82%b8\/%e3%82%bf%e3%83%ab%e3%83%88%e3%82%a5-2024-b-2023-%e3%82%b5%e3%82%a4%e3%82%af%e3%83%aa%e3%83%b3%e3%82%b0%e3%82%b8%e3%83%a3%e3%83%bc%e3%82%b8\/","name":"TARTU 2024 (d) 2023 WIELERSHIRT - Ton Merckx Wielershirts - Rondreis door de wereld van wielershirts","isPartOf":{"@id":"https:\/\/www.tonmerckxwielershirts.nl\/de\/#website"},"primaryImageOfPage":{"@id":"https:\/\/tonmerckxwielershirts.nl\/ja\/%e3%83%ac%e3%83%88%e3%83%ad%e3%81%aa%e3%82%b5%e3%82%a4%e3%82%af%e3%83%aa%e3%83%b3%e3%82%b0%e3%82%b8%e3%83%a3%e3%83%bc%e3%82%b8\/%e3%82%bf%e3%83%ab%e3%83%88%e3%82%a5-2024-b-2023-%e3%82%b5%e3%82%a4%e3%82%af%e3%83%aa%e3%83%b3%e3%82%b0%e3%82%b8%e3%83%a3%e3%83%bc%e3%82%b8\/#primaryimage"},"image":{"@id":"https:\/\/tonmerckxwielershirts.nl\/ja\/%e3%83%ac%e3%83%88%e3%83%ad%e3%81%aa%e3%82%b5%e3%82%a4%e3%82%af%e3%83%aa%e3%83%b3%e3%82%b0%e3%82%b8%e3%83%a3%e3%83%bc%e3%82%b8\/%e3%82%bf%e3%83%ab%e3%83%88%e3%82%a5-2024-b-2023-%e3%82%b5%e3%82%a4%e3%82%af%e3%83%aa%e3%83%b3%e3%82%b0%e3%82%b8%e3%83%a3%e3%83%bc%e3%82%b8\/#primaryimage"},"thumbnailUrl":"https:\/\/mail.cyclingoriginals.com\/wp-content\/uploads\/2026\/01\/015-1-scaled.jpg","datePublished":"2026-01-09T18:55:42+00:00","dateModified":"2026-08-20T05:03:21+00:00","breadcrumb":{"@id":"https:\/\/tonmerckxwielershirts.nl\/ja\/%e3%83%ac%e3%83%88%e3%83%ad%e3%81%aa%e3%82%b5%e3%82%a4%e3%82%af%e3%83%aa%e3%83%b3%e3%82%b0%e3%82%b8%e3%83%a3%e3%83%bc%e3%82%b8\/%e3%82%bf%e3%83%ab%e3%83%88%e3%82%a5-2024-b-2023-%e3%82%b5%e3%82%a4%e3%82%af%e3%83%aa%e3%83%b3%e3%82%b0%e3%82%b8%e3%83%a3%e3%83%bc%e3%82%b8\/#breadcrumb"},"inLanguage":"de","potentialAction":[{"@type":"ReadAction","target":["https:\/\/tonmerckxwielershirts.nl\/ja\/%e3%83%ac%e3%83%88%e3%83%ad%e3%81%aa%e3%82%b5%e3%82%a4%e3%82%af%e3%83%aa%e3%83%b3%e3%82%b0%e3%82%b8%e3%83%a3%e3%83%bc%e3%82%b8\/%e3%82%bf%e3%83%ab%e3%83%88%e3%82%a5-2024-b-2023-%e3%82%b5%e3%82%a4%e3%82%af%e3%83%aa%e3%83%b3%e3%82%b0%e3%82%b8%e3%83%a3%e3%83%bc%e3%82%b8\/"]}]},{"@type":"ImageObject","inLanguage":"de","@id":"https:\/\/tonmerckxwielershirts.nl\/ja\/%e3%83%ac%e3%83%88%e3%83%ad%e3%81%aa%e3%82%b5%e3%82%a4%e3%82%af%e3%83%aa%e3%83%b3%e3%82%b0%e3%82%b8%e3%83%a3%e3%83%bc%e3%82%b8\/%e3%82%bf%e3%83%ab%e3%83%88%e3%82%a5-2024-b-2023-%e3%82%b5%e3%82%a4%e3%82%af%e3%83%aa%e3%83%b3%e3%82%b0%e3%82%b8%e3%83%a3%e3%83%bc%e3%82%b8\/#primaryimage","url":"https:\/\/mail.cyclingoriginals.com\/wp-content\/uploads\/2026\/01\/015-1-scaled.jpg","contentUrl":"https:\/\/mail.cyclingoriginals.com\/wp-content\/uploads\/2026\/01\/015-1-scaled.jpg","width":1920,"height":2560,"caption":"TARTU 2024\u00a0 \u00a02023"},{"@type":"BreadcrumbList","@id":"https:\/\/tonmerckxwielershirts.nl\/ja\/%e3%83%ac%e3%83%88%e3%83%ad%e3%81%aa%e3%82%b5%e3%82%a4%e3%82%af%e3%83%aa%e3%83%b3%e3%82%b0%e3%82%b8%e3%83%a3%e3%83%bc%e3%82%b8\/%e3%82%bf%e3%83%ab%e3%83%88%e3%82%a5-2024-b-2023-%e3%82%b5%e3%82%a4%e3%82%af%e3%83%aa%e3%83%b3%e3%82%b0%e3%82%b8%e3%83%a3%e3%83%bc%e3%82%b8\/#breadcrumb","itemListElement":[{"@type":"ListItem","position":1,"name":"Home","item":"https:\/\/www.tonmerckxwielershirts.nl\/de\/"},{"@type":"ListItem","position":2,"name":"Retro wielershirts","item":"https:\/\/www.tonmerckxwielershirts.nl\/de\/retro-radtrikots\/"},{"@type":"ListItem","position":3,"name":"TARTU 2024 (d) 2023 WIELERSHIRT"}]},{"@type":"WebSite","@id":"https:\/\/www.tonmerckxwielershirts.nl\/de\/#website","url":"https:\/\/www.tonmerckxwielershirts.nl\/de\/","name":"Ton Merckx Radsport-Shirts \u2013 Tour durch die Welt der Radsport-Shirts","description":"Tausende originale Radtrikots \u2013 bestellen Sie Ihr Replikat!","publisher":{"@id":"https:\/\/www.tonmerckxwielershirts.nl\/de\/#organization"},"potentialAction":[{"@type":"SearchAction","target":{"@type":"EntryPoint","urlTemplate":"https:\/\/www.tonmerckxwielershirts.nl\/de\/?s={search_term_string}"},"query-input":{"@type":"PropertyValueSpecification","valueRequired":true,"valueName":"search_term_string"}}],"inLanguage":"de"},{"@type":"Organization","@id":"https:\/\/www.tonmerckxwielershirts.nl\/de\/#organization","name":"Ton Merckx Radsport-Shirts \u2013 Tour durch die Welt der Radsport-Shirts","url":"https:\/\/www.tonmerckxwielershirts.nl\/de\/","logo":{"@type":"ImageObject","inLanguage":"de","@id":"https:\/\/www.tonmerckxwielershirts.nl\/de\/#\/schema\/logo\/image\/","url":"https:\/\/mail.cyclingoriginals.com\/wp-content\/uploads\/2023\/03\/ton-merckx-logo.jpg","contentUrl":"https:\/\/mail.cyclingoriginals.com\/wp-content\/uploads\/2023\/03\/ton-merckx-logo.jpg","width":391,"height":57,"caption":"Ton Merckx Wielershirts - Rondreis door de wereld van wielershirts"},"image":{"@id":"https:\/\/www.tonmerckxwielershirts.nl\/de\/#\/schema\/logo\/image\/"}}]}},"_links":{"self":[{"href":"https:\/\/mail.cyclingoriginals.com\/de\/wp-json\/wp\/v2\/product\/177353","targetHints":{"allow":["GET"]}}],"collection":[{"href":"https:\/\/mail.cyclingoriginals.com\/de\/wp-json\/wp\/v2\/product"}],"about":[{"href":"https:\/\/mail.cyclingoriginals.com\/de\/wp-json\/wp\/v2\/types\/product"}],"wp:featuredmedia":[{"embeddable":true,"href":"https:\/\/mail.cyclingoriginals.com\/de\/wp-json\/wp\/v2\/media\/191527"}],"wp:attachment":[{"href":"https:\/\/mail.cyclingoriginals.com\/de\/wp-json\/wp\/v2\/media?parent=177353"}],"wp:term":[{"taxonomy":"product_brand","embeddable":true,"href":"https:\/\/mail.cyclingoriginals.com\/de\/wp-json\/wp\/v2\/product_brand?post=177353"},{"taxonomy":"product_cat","embeddable":true,"href":"https:\/\/mail.cyclingoriginals.com\/de\/wp-json\/wp\/v2\/product_cat?post=177353"},{"taxonomy":"product_tag","embeddable":true,"href":"https:\/\/mail.cyclingoriginals.com\/de\/wp-json\/wp\/v2\/product_tag?post=177353"}],"curies":[{"name":"wp","href":"https:\/\/api.w.org\/{rel}","templated":true}]}}